{"id":3123,"date":"2024-10-15T21:53:28","date_gmt":"2024-10-15T19:53:28","guid":{"rendered":"https:\/\/bike-zentrum.de\/service-prestations-copier\/"},"modified":"2024-10-15T22:04:17","modified_gmt":"2024-10-15T20:04:17","slug":"service-prestations-copier","status":"publish","type":"page","link":"https:\/\/bike-zentrum.de\/fr\/service-prestations-copier\/","title":{"rendered":"Actualit\u00e9s"},"content":{"rendered":"\n\t<section class=\"section\" id=\"section_704250618\">\n\t\t<div class=\"section-bg fill\" >\n\t\t\t<img loading=\"lazy\" decoding=\"async\" width=\"1280\" height=\"717\" src=\"https:\/\/bike-zentrum.de\/wp-content\/uploads\/2024\/10\/aktuelles.jpeg\" class=\"bg attachment-original size-original\" alt=\"\" \/>\t\t\t\t\t\t\n\t\t\t\n\n\t\t<\/div>\n\n\t\t\n\n\t\t<div class=\"section-content relative\">\n\t\t\t\n<div class=\"row\" style=\"max-width:1300px\" id=\"row-2116319416\">\n\n\t<div id=\"col-1703004978\" class=\"col medium-11 small-12 large-7\"  >\n\t\t\t\t<div class=\"col-inner\" style=\"background-color:#ffed00;\" >\n\t\t\t\n\t\t\t\n\t<div id=\"text-3887425323\" class=\"text\">\n\t\t\n<h2 class=\"uppercase\">Actualit\u00e9s<\/h2>\n\t\t\n<style>\n#text-3887425323 {\n  font-size: 0.75rem;\n}\n@media (min-width:550px) {\n  #text-3887425323 {\n    font-size: 2rem;\n  }\n}\n<\/style>\n\t<\/div>\n\t\n\t\t<\/div>\n\t\t\t\t\n<style>\n#col-1703004978 > .col-inner {\n  padding: 30px 30px 10px 40px;\n}\n<\/style>\n\t<\/div>\n\n\t\n\n<style>\n#row-2116319416 > .col > .col-inner {\n  background-color: rgb(255, 234, 139);\n}\n<\/style>\n<\/div>\n\t\t<\/div>\n\n\t\t\n<style>\n#section_704250618 {\n  padding-top: 40px;\n  padding-bottom: 40px;\n  min-height: 400px;\n}\n#section_704250618 .section-bg img {\n  object-position: 46% 13%;\n}\n@media (min-width:550px) {\n  #section_704250618 {\n    min-height: 600px;\n  }\n}\n@media (min-width:850px) {\n  #section_704250618 {\n    min-height: 750px;\n  }\n}\n<\/style>\n\t<\/section>\n\t\n\n\t<section class=\"section\" id=\"section_1366968491\">\n\t\t<div class=\"section-bg fill\" >\n\t\t\t\t\t\t\t\t\t\n\t\t\t\n\n\t\t<\/div>\n\n\t\t\n\n\t\t<div class=\"section-content relative\">\n\t\t\t\n\n  \n    <div class=\"row large-columns-2 medium-columns-1 small-columns-1 has-shadow row-box-shadow-2 slider row-slider slider-nav-simple slider-nav-outside\"  data-flickity-options='{&quot;imagesLoaded&quot;: true, &quot;groupCells&quot;: &quot;100%&quot;, &quot;dragThreshold&quot; : 5, &quot;cellAlign&quot;: &quot;left&quot;,&quot;wrapAround&quot;: true,&quot;prevNextButtons&quot;: true,&quot;percentPosition&quot;: true,&quot;pageDots&quot;: false, &quot;rightToLeft&quot;: false, &quot;autoPlay&quot; : false}' >\n\n  <div class=\"col post-item\" >\n\t\t\t<div class=\"col-inner\">\n\t\t\t\t<div class=\"box box-vertical box-text-bottom box-blog-post has-hover\">\n            \t\t\t\t\t<div class=\"box-image\" style=\"width:43%;\">\n  \t\t\t\t\t\t<div class=\"image-cover\" style=\"padding-top:89%;\">\n\t\t\t\t\t\t\t<a href=\"https:\/\/bike-zentrum.de\/fr\/offre-speciale-kirwe-economisez-maintenant\/\" class=\"plain\" aria-label=\"Offre sp\u00e9ciale Kirwe : \u00e9conomisez maintenant !\">\n\t\t\t\t\t\t\t\t<img loading=\"lazy\" decoding=\"async\" width=\"300\" height=\"211\" src=\"https:\/\/bike-zentrum.de\/wp-content\/uploads\/2024\/10\/kirwe_aktuelles-300x211.png\" class=\"attachment-medium size-medium wp-post-image\" alt=\"\" srcset=\"https:\/\/bike-zentrum.de\/wp-content\/uploads\/2024\/10\/kirwe_aktuelles-300x211.png 300w, https:\/\/bike-zentrum.de\/wp-content\/uploads\/2024\/10\/kirwe_aktuelles-768x541.png 768w, https:\/\/bike-zentrum.de\/wp-content\/uploads\/2024\/10\/kirwe_aktuelles.png 1000w\" sizes=\"auto, (max-width: 300px) 100vw, 300px\" \/>\t\t\t\t\t\t\t<\/a>\n  \t\t\t\t\t\t\t  \t\t\t\t\t\t\t  \t\t\t\t\t\t<\/div>\n  \t\t\t\t\t\t  \t\t\t\t\t<\/div>\n          \t\t\t\t\t<div class=\"box-text text-center\" >\n\t\t\t\t\t<div class=\"box-text-inner blog-post-inner\">\n\n\t\t\t\t\t\n\t\t\t\t\t\t\t\t\t\t<h5 class=\"post-title is-large \">\n\t\t\t\t\t\t<a href=\"https:\/\/bike-zentrum.de\/fr\/offre-speciale-kirwe-economisez-maintenant\/\" class=\"plain\">Offre sp\u00e9ciale Kirwe : \u00e9conomisez maintenant !<\/a>\n\t\t\t\t\t<\/h5>\n\t\t\t\t\t\t\t\t\t\t<div class=\"is-divider\"><\/div>\n\t\t\t\t\t\t\t\t\t\t<p class=\"from_the_blog_excerpt \">\n\t\t\t\t\t\tObtenez votre nouveau v\u00e9lo ou vos accessoires d\u00e8s maintenant ! Du 19 au 26 octobre [...]\t\t\t\t\t<\/p>\n\t\t\t\t\t                    \n\t\t\t\t\t\n\t\t\t\t\t\n\t\t\t\t\t<\/div>\n\t\t\t\t\t<\/div>\n\t\t\t\t\t\t\t\t\t\t\t\t\t\t\t\t<div class=\"badge absolute top post-date badge-circle-inside\">\n\t\t\t\t\t\t\t<div class=\"badge-inner\">\n\t\t\t\t\t\t\t\t<span class=\"post-date-day\">15<\/span><br>\n\t\t\t\t\t\t\t\t<span class=\"post-date-month is-xsmall\">Oct<\/span>\n\t\t\t\t\t\t\t<\/div>\n\t\t\t\t\t\t<\/div>\n\t\t\t\t\t\t\t\t\t<\/div>\n\t\t\t<\/div>\n\t\t<\/div><div class=\"col post-item\" >\n\t\t\t<div class=\"col-inner\">\n\t\t\t\t<div class=\"box box-vertical box-text-bottom box-blog-post has-hover\">\n          \t\t\t\t\t<div class=\"box-text text-center\" >\n\t\t\t\t\t<div class=\"box-text-inner blog-post-inner\">\n\n\t\t\t\t\t\n\t\t\t\t\t\t\t\t\t\t<h5 class=\"post-title is-large \">\n\t\t\t\t\t\t<a href=\"https:\/\/bike-zentrum.de\/fr\/bonjour-le-monde\/\" class=\"plain\">Bonjour le monde !<\/a>\n\t\t\t\t\t<\/h5>\n\t\t\t\t\t<div class=\"post-meta is-small op-8\">28 mai 2021<\/div>\t\t\t\t\t<div class=\"is-divider\"><\/div>\n\t\t\t\t\t\t\t\t\t\t<p class=\"from_the_blog_excerpt \">\n\t\t\t\t\t\tBienvenue sur WordPress. C&rsquo;est ta premi\u00e8re contribution. Modifie ou supprime-le et commence \u00e0 \u00e9crire !\t\t\t\t\t<\/p>\n\t\t\t\t\t                    \n\t\t\t\t\t\n\t\t\t\t\t\n\t\t\t\t\t<\/div>\n\t\t\t\t\t<\/div>\n\t\t\t\t\t\t\t\t\t<\/div>\n\t\t\t<\/div>\n\t\t<\/div><div class=\"col post-item\" >\n\t\t\t<div class=\"col-inner\">\n\t\t\t\t<div class=\"box box-vertical box-text-bottom box-blog-post has-hover\">\n          \t\t\t\t\t<div class=\"box-text text-center\" >\n\t\t\t\t\t<div class=\"box-text-inner blog-post-inner\">\n\n\t\t\t\t\t\n\t\t\t\t\t\t\t\t\t\t<h5 class=\"post-title is-large \">\n\t\t\t\t\t\t<a href=\"https:\/\/bike-zentrum.de\/fr\/curabitur-ut-felis-vel-mi-finibus-post-avec-texte-et-blocs-dimages\/\" class=\"plain\">Curabitur ut felis vel mi finibus &#8211; post avec texte et blocs d&rsquo;images<\/a>\n\t\t\t\t\t<\/h5>\n\t\t\t\t\t<div class=\"post-meta is-small op-8\">14 novembre 2018<\/div>\t\t\t\t\t<div class=\"is-divider\"><\/div>\n\t\t\t\t\t\t\t\t\t\t<p class=\"from_the_blog_excerpt \">\n\t\t\t\t\t\tDofelis vel mi finibus pretium nec pretium tellus. Donec a purus vehicula, fringilla ligula ac, [...]\t\t\t\t\t<\/p>\n\t\t\t\t\t                    \n\t\t\t\t\t\n\t\t\t\t\t\n\t\t\t\t\t<\/div>\n\t\t\t\t\t<\/div>\n\t\t\t\t\t\t\t\t\t<\/div>\n\t\t\t<\/div>\n\t\t<\/div><div class=\"col post-item\" >\n\t\t\t<div class=\"col-inner\">\n\t\t\t\t<div class=\"box box-vertical box-text-bottom box-blog-post has-hover\">\n          \t\t\t\t\t<div class=\"box-text text-center\" >\n\t\t\t\t\t<div class=\"box-text-inner blog-post-inner\">\n\n\t\t\t\t\t\n\t\t\t\t\t\t\t\t\t\t<h5 class=\"post-title is-large \">\n\t\t\t\t\t\t<a href=\"https:\/\/bike-zentrum.de\/fr\/proin-accumsan-lorem-amet-justo-post-with-colored-quote-blocks\/\" class=\"plain\">Proin accumsan lorem amet justo &#8211; post with colored quote blocks<\/a>\n\t\t\t\t\t<\/h5>\n\t\t\t\t\t<div class=\"post-meta is-small op-8\">14 novembre 2018<\/div>\t\t\t\t\t<div class=\"is-divider\"><\/div>\n\t\t\t\t\t\t\t\t\t\t<p class=\"from_the_blog_excerpt \">\n\t\t\t\t\t\tLorem ipsum dolor sit amet, consectetur adipiscing elit. Nulla sit amet lectus erat. Nullam ex [...]\t\t\t\t\t<\/p>\n\t\t\t\t\t                    \n\t\t\t\t\t\n\t\t\t\t\t\n\t\t\t\t\t<\/div>\n\t\t\t\t\t<\/div>\n\t\t\t\t\t\t\t\t\t<\/div>\n\t\t\t<\/div>\n\t\t<\/div><div class=\"col post-item\" >\n\t\t\t<div class=\"col-inner\">\n\t\t\t\t<div class=\"box box-vertical box-text-bottom box-blog-post has-hover\">\n          \t\t\t\t\t<div class=\"box-text text-center\" >\n\t\t\t\t\t<div class=\"box-text-inner blog-post-inner\">\n\n\t\t\t\t\t\n\t\t\t\t\t\t\t\t\t\t<h5 class=\"post-title is-large \">\n\t\t\t\t\t\t<a href=\"https:\/\/bike-zentrum.de\/fr\/lorem-dolor-amet-post-with-gallery\/\" class=\"plain\">Lorem dolor amet &#8211; post with gallery<\/a>\n\t\t\t\t\t<\/h5>\n\t\t\t\t\t<div class=\"post-meta is-small op-8\">14 novembre 2018<\/div>\t\t\t\t\t<div class=\"is-divider\"><\/div>\n\t\t\t\t\t\t\t\t\t\t<p class=\"from_the_blog_excerpt \">\n\t\t\t\t\t\tSuspendisse rutrum tortor justo, eu sollicitudin nisl pretium et. In a elit ligula. Cras nisl [...]\t\t\t\t\t<\/p>\n\t\t\t\t\t                    \n\t\t\t\t\t\n\t\t\t\t\t\n\t\t\t\t\t<\/div>\n\t\t\t\t\t<\/div>\n\t\t\t\t\t\t\t\t\t<\/div>\n\t\t\t<\/div>\n\t\t<\/div><div class=\"col post-item\" >\n\t\t\t<div class=\"col-inner\">\n\t\t\t\t<div class=\"box box-vertical box-text-bottom box-blog-post has-hover\">\n          \t\t\t\t\t<div class=\"box-text text-center\" >\n\t\t\t\t\t<div class=\"box-text-inner blog-post-inner\">\n\n\t\t\t\t\t\n\t\t\t\t\t\t\t\t\t\t<h5 class=\"post-title is-large \">\n\t\t\t\t\t\t<a href=\"https:\/\/bike-zentrum.de\/fr\/ut-vulputate-accumsan-post-avec-images\/\" class=\"plain\">Ut vulputate accumsan &#8211; post avec images<\/a>\n\t\t\t\t\t<\/h5>\n\t\t\t\t\t<div class=\"post-meta is-small op-8\">8 novembre 2018<\/div>\t\t\t\t\t<div class=\"is-divider\"><\/div>\n\t\t\t\t\t\t\t\t\t\t<p class=\"from_the_blog_excerpt \">\n\t\t\t\t\t\tPhasellus a justo eu sem pulvinar tincidunt eu ut arcu. Quisque id accumsan elit. Integer [...]\t\t\t\t\t<\/p>\n\t\t\t\t\t                    \n\t\t\t\t\t\n\t\t\t\t\t\n\t\t\t\t\t<\/div>\n\t\t\t\t\t<\/div>\n\t\t\t\t\t\t\t\t\t<\/div>\n\t\t\t<\/div>\n\t\t<\/div><div class=\"col post-item\" >\n\t\t\t<div class=\"col-inner\">\n\t\t\t\t<div class=\"box box-vertical box-text-bottom box-blog-post has-hover\">\n          \t\t\t\t\t<div class=\"box-text text-center\" >\n\t\t\t\t\t<div class=\"box-text-inner blog-post-inner\">\n\n\t\t\t\t\t\n\t\t\t\t\t\t\t\t\t\t<h5 class=\"post-title is-large \">\n\t\t\t\t\t\t<a href=\"https:\/\/bike-zentrum.de\/fr\/morbi-mi-neque-consecte-tur-post-with-lists\/\" class=\"plain\">Morbi mi neque consecte tur &#8211; post with lists<\/a>\n\t\t\t\t\t<\/h5>\n\t\t\t\t\t<div class=\"post-meta is-small op-8\">7 novembre 2018<\/div>\t\t\t\t\t<div class=\"is-divider\"><\/div>\n\t\t\t\t\t\t\t\t\t\t<p class=\"from_the_blog_excerpt \">\n\t\t\t\t\t\tMorbi mi neque, consectetur ut convallis at, semper sit amet elit. Curabitur gravida porta ante [...]\t\t\t\t\t<\/p>\n\t\t\t\t\t                    \n\t\t\t\t\t\n\t\t\t\t\t\n\t\t\t\t\t<\/div>\n\t\t\t\t\t<\/div>\n\t\t\t\t\t\t\t\t\t<\/div>\n\t\t\t<\/div>\n\t\t<\/div><div class=\"col post-item\" >\n\t\t\t<div class=\"col-inner\">\n\t\t\t\t<div class=\"box box-vertical box-text-bottom box-blog-post has-hover\">\n          \t\t\t\t\t<div class=\"box-text text-center\" >\n\t\t\t\t\t<div class=\"box-text-inner blog-post-inner\">\n\n\t\t\t\t\t\n\t\t\t\t\t\t\t\t\t\t<h5 class=\"post-title is-large \">\n\t\t\t\t\t\t<a href=\"https:\/\/bike-zentrum.de\/fr\/nulla-glavrida-post-avec-images-texte\/\" class=\"plain\">Nulla glavrida &#8211; post avec images &amp; texte<\/a>\n\t\t\t\t\t<\/h5>\n\t\t\t\t\t<div class=\"post-meta is-small op-8\">7 novembre 2018<\/div>\t\t\t\t\t<div class=\"is-divider\"><\/div>\n\t\t\t\t\t\t\t\t\t\t<p class=\"from_the_blog_excerpt \">\n\t\t\t\t\t\tCurabitur ut felis vel mi finibus pretium nec pretium tellus. Donec a purus vehicula, fringilla [...]\t\t\t\t\t<\/p>\n\t\t\t\t\t                    \n\t\t\t\t\t\n\t\t\t\t\t\n\t\t\t\t\t<\/div>\n\t\t\t\t\t<\/div>\n\t\t\t\t\t\t\t\t\t<\/div>\n\t\t\t<\/div>\n\t\t<\/div><\/div>\n\t\t<\/div>\n\n\t\t\n<style>\n#section_1366968491 {\n  padding-top: 30px;\n  padding-bottom: 30px;\n}\n<\/style>\n\t<\/section>\n\t\n\n\n\t<section class=\"section\" id=\"section_1756810040\">\n\t\t<div class=\"section-bg fill\" >\n\t\t\t<img loading=\"lazy\" decoding=\"async\" width=\"2560\" height=\"1709\" src=\"https:\/\/bike-zentrum.de\/wp-content\/uploads\/2021\/06\/DSC_5968-scaled.jpg\" class=\"bg attachment-original size-original\" alt=\"\" \/>\t\t\t\t\t\t<div class=\"section-bg-overlay absolute fill\"><\/div>\n\t\t\t\n\n\t\t<\/div>\n\n\t\t\n\n\t\t<div class=\"section-content relative\">\n\t\t\t\n\t<div id=\"gap-2027528249\" class=\"gap-element clearfix\" style=\"display:block; height:auto;\">\n\t\t\n<style>\n#gap-2027528249 {\n  padding-top: 30px;\n}\n<\/style>\n\t<\/div>\n\t\n<div class=\"row\" style=\"max-width:1300px\" id=\"row-851615786\">\n\n\t<div id=\"col-1340315646\" class=\"col medium-10 small-12 large-6\"  data-animate=\"fadeInRight\">\n\t\t\t\t<div class=\"col-inner box-shadow-3\" style=\"background-color:rgb(255, 255, 255);\" >\n\t\t\t\n\t<div class=\"is-border\"\n\t\tstyle=\"border-color:rgb(255, 237, 0);border-width:10px 0px 0px 0px;\">\n\t<\/div>\n\t\t\t\n\t<div id=\"text-157811733\" class=\"text\">\n\t\t\n<h2>Des questions sur le service et les prestations ?<\/h2>\n\t\t\n<style>\n#text-157811733 {\n  font-size: 1rem;\n}\n@media (min-width:550px) {\n  #text-157811733 {\n    font-size: 1.75rem;\n  }\n}\n<\/style>\n\t<\/div>\n\t\n\t<div id=\"text-2060745137\" class=\"text\">\n\t\t\n<p>Nous sommes \u00e0 votre disposition pour vous informer de mani\u00e8re comp\u00e9tente et sans engagement sur les d\u00e9tails des diff\u00e9rentes prestations que notre \u00e9quipe du Bike-Zentrum vous propose.<\/p>\n\t\t\n<style>\n#text-2060745137 {\n  text-align: left;\n}\n<\/style>\n\t<\/div>\n\t\n\t<div id=\"gap-308942887\" class=\"gap-element clearfix\" style=\"display:block; height:auto;\">\n\t\t\n<style>\n#gap-308942887 {\n  padding-top: 5px;\n}\n<\/style>\n\t<\/div>\n\t\n<a data-animate=\"flipInY\" href=\"tel:0049722750560\" class=\"button secondary is-large expand\" style=\"padding:5px 30px 5px 30px;\">\n\t\t<span>Appeler maintenant<\/span>\n\t<i class=\"icon-phone\" aria-hidden=\"true\"><\/i><\/a>\n\n\t\t<\/div>\n\t\t\t\t\n<style>\n#col-1340315646 > .col-inner {\n  padding: 50px 50px 50px 50px;\n}\n<\/style>\n\t<\/div>\n\n\t\n<\/div>\n\t\t<\/div>\n\n\t\t\n<style>\n#section_1756810040 {\n  padding-top: 30px;\n  padding-bottom: 30px;\n  min-height: 700px;\n}\n#section_1756810040 .section-bg-overlay {\n  background-color: rgba(39, 54, 71, 0.75);\n}\n#section_1756810040 .section-bg img {\n  object-position: 77% 59%;\n}\n<\/style>\n\t<\/section>\n\t\n\t<div id=\"gap-280184406\" class=\"gap-element clearfix show-for-small\" style=\"display:block; height:auto;\">\n\t\t\n<style>\n#gap-280184406 {\n  padding-top: 142px;\n}\n@media (min-width:550px) {\n  #gap-280184406 {\n    padding-top: 30px;\n  }\n}\n<\/style>\n\t<\/div>\n\t\n","protected":false},"excerpt":{"rendered":"","protected":false},"author":1,"featured_media":0,"parent":0,"menu_order":20,"comment_status":"closed","ping_status":"closed","template":"page-blank.php","meta":{"footnotes":""},"class_list":["post-3123","page","type-page","status-publish","hentry"],"yoast_head":"<!-- This site is optimized with the Yoast SEO plugin v27.5 - https:\/\/yoast.com\/product\/yoast-seo-wordpress\/ -->\n<title>Actualit\u00e9s - Bike-Zentrum Schwarzach<\/title>\n<meta name=\"description\" content=\"Nous sommes \u00e0 votre disposition pour vous informer de mani\u00e8re comp\u00e9tente et sans engagement sur les d\u00e9tails des diff\u00e9rentes prestations que notre \u00e9quipe Bike-Zentrum vous propose.\" \/>\n<meta name=\"robots\" content=\"index, follow, max-snippet:-1, max-image-preview:large, max-video-preview:-1\" \/>\n<link rel=\"canonical\" href=\"https:\/\/bike-zentrum.de\/aktuelles\/\" \/>\n<meta property=\"og:locale\" content=\"fr_FR\" \/>\n<meta property=\"og:type\" content=\"article\" \/>\n<meta property=\"og:title\" content=\"Actualit\u00e9s - Bike-Zentrum Schwarzach\" \/>\n<meta property=\"og:description\" content=\"Nous sommes \u00e0 votre disposition pour vous informer de mani\u00e8re comp\u00e9tente et sans engagement sur les d\u00e9tails des diff\u00e9rentes prestations que notre \u00e9quipe Bike-Zentrum vous propose.\" \/>\n<meta property=\"og:url\" content=\"https:\/\/bike-zentrum.de\/aktuelles\/\" \/>\n<meta property=\"og:site_name\" content=\"Bike-Zentrum Schwarzach\" \/>\n<meta property=\"article:modified_time\" content=\"2024-10-15T20:04:17+00:00\" \/>\n<meta name=\"twitter:card\" content=\"summary_large_image\" \/>\n<meta name=\"twitter:label1\" content=\"Dur\u00e9e de lecture estim\u00e9e\" \/>\n\t<meta name=\"twitter:data1\" content=\"2 minutes\" \/>\n<script type=\"application\/ld+json\" class=\"yoast-schema-graph\">{\"@context\":\"https:\\\/\\\/schema.org\",\"@graph\":[{\"@type\":\"WebPage\",\"@id\":\"https:\\\/\\\/bike-zentrum.de\\\/aktuelles\\\/\",\"url\":\"https:\\\/\\\/bike-zentrum.de\\\/aktuelles\\\/\",\"name\":\"Actualit\u00e9s - Bike-Zentrum Schwarzach\",\"isPartOf\":{\"@id\":\"https:\\\/\\\/bike-zentrum.de\\\/#website\"},\"datePublished\":\"2024-10-15T19:53:28+00:00\",\"dateModified\":\"2024-10-15T20:04:17+00:00\",\"description\":\"Nous sommes \u00e0 votre disposition pour vous informer de mani\u00e8re comp\u00e9tente et sans engagement sur les d\u00e9tails des diff\u00e9rentes prestations que notre \u00e9quipe Bike-Zentrum vous propose.\",\"breadcrumb\":{\"@id\":\"https:\\\/\\\/bike-zentrum.de\\\/aktuelles\\\/#breadcrumb\"},\"inLanguage\":\"fr-FR\",\"potentialAction\":[{\"@type\":\"ReadAction\",\"target\":[\"https:\\\/\\\/bike-zentrum.de\\\/aktuelles\\\/\"]}]},{\"@type\":\"BreadcrumbList\",\"@id\":\"https:\\\/\\\/bike-zentrum.de\\\/aktuelles\\\/#breadcrumb\",\"itemListElement\":[{\"@type\":\"ListItem\",\"position\":1,\"name\":\"Startseite\",\"item\":\"https:\\\/\\\/bike-zentrum.de\\\/fr\\\/\"},{\"@type\":\"ListItem\",\"position\":2,\"name\":\"Actualit\u00e9s\"}]},{\"@type\":\"WebSite\",\"@id\":\"https:\\\/\\\/bike-zentrum.de\\\/#website\",\"url\":\"https:\\\/\\\/bike-zentrum.de\\\/\",\"name\":\"Bike-Zentrum Schwarzach\",\"description\":\"F\u00fcr jeden das passende Rad. Garantiert.\",\"potentialAction\":[{\"@type\":\"SearchAction\",\"target\":{\"@type\":\"EntryPoint\",\"urlTemplate\":\"https:\\\/\\\/bike-zentrum.de\\\/?s={search_term_string}\"},\"query-input\":{\"@type\":\"PropertyValueSpecification\",\"valueRequired\":true,\"valueName\":\"search_term_string\"}}],\"inLanguage\":\"fr-FR\"}]}<\/script>\n<!-- \/ Yoast SEO plugin. -->","yoast_head_json":{"title":"Actualit\u00e9s - Bike-Zentrum Schwarzach","description":"Nous sommes \u00e0 votre disposition pour vous informer de mani\u00e8re comp\u00e9tente et sans engagement sur les d\u00e9tails des diff\u00e9rentes prestations que notre \u00e9quipe Bike-Zentrum vous propose.","robots":{"index":"index","follow":"follow","max-snippet":"max-snippet:-1","max-image-preview":"max-image-preview:large","max-video-preview":"max-video-preview:-1"},"canonical":"https:\/\/bike-zentrum.de\/aktuelles\/","og_locale":"fr_FR","og_type":"article","og_title":"Actualit\u00e9s - Bike-Zentrum Schwarzach","og_description":"Nous sommes \u00e0 votre disposition pour vous informer de mani\u00e8re comp\u00e9tente et sans engagement sur les d\u00e9tails des diff\u00e9rentes prestations que notre \u00e9quipe Bike-Zentrum vous propose.","og_url":"https:\/\/bike-zentrum.de\/aktuelles\/","og_site_name":"Bike-Zentrum Schwarzach","article_modified_time":"2024-10-15T20:04:17+00:00","twitter_card":"summary_large_image","twitter_misc":{"Dur\u00e9e de lecture estim\u00e9e":"2 minutes"},"schema":{"@context":"https:\/\/schema.org","@graph":[{"@type":"WebPage","@id":"https:\/\/bike-zentrum.de\/aktuelles\/","url":"https:\/\/bike-zentrum.de\/aktuelles\/","name":"Actualit\u00e9s - Bike-Zentrum Schwarzach","isPartOf":{"@id":"https:\/\/bike-zentrum.de\/#website"},"datePublished":"2024-10-15T19:53:28+00:00","dateModified":"2024-10-15T20:04:17+00:00","description":"Nous sommes \u00e0 votre disposition pour vous informer de mani\u00e8re comp\u00e9tente et sans engagement sur les d\u00e9tails des diff\u00e9rentes prestations que notre \u00e9quipe Bike-Zentrum vous propose.","breadcrumb":{"@id":"https:\/\/bike-zentrum.de\/aktuelles\/#breadcrumb"},"inLanguage":"fr-FR","potentialAction":[{"@type":"ReadAction","target":["https:\/\/bike-zentrum.de\/aktuelles\/"]}]},{"@type":"BreadcrumbList","@id":"https:\/\/bike-zentrum.de\/aktuelles\/#breadcrumb","itemListElement":[{"@type":"ListItem","position":1,"name":"Startseite","item":"https:\/\/bike-zentrum.de\/fr\/"},{"@type":"ListItem","position":2,"name":"Actualit\u00e9s"}]},{"@type":"WebSite","@id":"https:\/\/bike-zentrum.de\/#website","url":"https:\/\/bike-zentrum.de\/","name":"Bike-Zentrum Schwarzach","description":"F\u00fcr jeden das passende Rad. Garantiert.","potentialAction":[{"@type":"SearchAction","target":{"@type":"EntryPoint","urlTemplate":"https:\/\/bike-zentrum.de\/?s={search_term_string}"},"query-input":{"@type":"PropertyValueSpecification","valueRequired":true,"valueName":"search_term_string"}}],"inLanguage":"fr-FR"}]}},"_links":{"self":[{"href":"https:\/\/bike-zentrum.de\/fr\/wp-json\/wp\/v2\/pages\/3123","targetHints":{"allow":["GET"]}}],"collection":[{"href":"https:\/\/bike-zentrum.de\/fr\/wp-json\/wp\/v2\/pages"}],"about":[{"href":"https:\/\/bike-zentrum.de\/fr\/wp-json\/wp\/v2\/types\/page"}],"author":[{"embeddable":true,"href":"https:\/\/bike-zentrum.de\/fr\/wp-json\/wp\/v2\/users\/1"}],"replies":[{"embeddable":true,"href":"https:\/\/bike-zentrum.de\/fr\/wp-json\/wp\/v2\/comments?post=3123"}],"version-history":[{"count":16,"href":"https:\/\/bike-zentrum.de\/fr\/wp-json\/wp\/v2\/pages\/3123\/revisions"}],"predecessor-version":[{"id":3150,"href":"https:\/\/bike-zentrum.de\/fr\/wp-json\/wp\/v2\/pages\/3123\/revisions\/3150"}],"wp:attachment":[{"href":"https:\/\/bike-zentrum.de\/fr\/wp-json\/wp\/v2\/media?parent=3123"}],"curies":[{"name":"wp","href":"https:\/\/api.w.org\/{rel}","templated":true}]}}